{"id":12,"date":"2020-09-20T11:08:50","date_gmt":"2020-09-20T09:08:50","guid":{"rendered":"http:\/\/www.osteo-lyon-8.fr\/?page_id=12"},"modified":"2021-03-10T21:43:52","modified_gmt":"2021-03-10T20:43:52","slug":"votre-osteopathe","status":"publish","type":"page","link":"https:\/\/www.osteo-lyon-8.fr\/?page_id=12","title":{"rendered":"VOTRE OST\u00c9OPATHE"},"content":{"rendered":"<div id=\"themify_builder_content-12\" data-postid=\"12\" class=\"themify_builder_content themify_builder_content-12 themify_builder\">\r\n    \t<!-- module_row -->\r\n\t<div   class=\"themify_builder_row module_row clearfix builder-parallax-scrolling fullwidth_row_container module_row_0 themify_builder_12_row module_row_12-0 tb_1q0a539\">\r\n\t    <div class=\"builder_row_cover\"><\/div>\t    <div class=\"row_inner col_align_middle direction-rtl\"   data-desktop_dir=\"rtl\" data-mobile_dir=\"rtl\">\r\n\t\t\t<div  class=\"module_column tb-column col-full first tb_12_column module_column_0 module_column_12-0-0 tb_2kbj541 repeat\" >\r\n\t    \t    \t        <div class=\"tb-column-inner\">\r\n\t\t    <!-- module text -->\r\n<div  class=\"module module-text tb_2ve5541  repeat  \">\r\n            <div  class=\"tb_text_wrap\">\r\n    <h1>VOTRE OST\u00c9O\u00a0\u00a0<\/h1>    <\/div>\r\n<\/div>\r\n<!-- \/module text -->\r\n<!-- module text -->\r\n<div  class=\"module module-text tb_bsyz541  repeat  \">\r\n            <div  class=\"tb_text_wrap\">\r\n    <p>Fascin\u00e9 d\u00e8s le plus jeune \u00e2ge par l&#8217;anatomie humaine,<br \/>aujourd&#8217;hui j&#8217;ai la chance de pouvoir exercer ma passion,<br \/>l\u2019ost\u00e9opathie.<\/p>    <\/div>\r\n<\/div>\r\n<!-- \/module text -->\r\n    <!-- module buttons -->\r\n    <div  class=\"module module-buttons tb_9ume542 normal solid circle   wow bounce\">\r\n\t        \t<div class=\"module-buttons\">\r\n                            <div class=\"module-buttons-item  buttons-horizontal\">\r\n\t\t    \t\t\t<a href=\"https:\/\/www.doctolib.fr\/osteopathe\/lyon\/ilias-charitidis\" class=\"ui builder_button tb_default_color\" target=\"_blank\" rel=\"noopener\">\r\n\t\t    \t\t    \t\t\t<span>Prendre RDV<\/span>\r\n\t\t    \t\t    \t\t\t<\/a>\r\n\t\t                    <\/div>\r\n                    <\/div>\r\n    <\/div>\r\n    <!-- \/module buttons -->\r\n\t        <\/div>\r\n\t    \t<\/div>\r\n\t\t    <\/div>\r\n\t    <!-- \/row_inner -->\r\n\t<\/div>\r\n\t<!-- \/module_row -->\r\n\t\t<!-- module_row -->\r\n\t<div   class=\"themify_builder_row module_row clearfix fullwidth_row_container module_row_1 themify_builder_12_row module_row_12-1 tb_g4ap539\">\r\n\t    \t    <div class=\"row_inner col_align_top\" >\r\n\t\t\t<div  class=\"module_column tb-column col-full first tb_12_column module_column_0 module_column_12-1-0 tb_k13q542\" >\r\n\t    \t    \t        <div class=\"tb-column-inner\">\r\n\t\t    \t<div  class=\"themify_builder_sub_row module_subrow clearfix wow fadeInUp sub_row_1-0-0 tb_8vcb542\" >\r\n\t    \t    <div class=\"subrow_inner col_align_middle\"   data-basecol=\"2\" data-col_mobile=\"column-full\">\r\n\t\t\t<div style=\"width:59.8%;\" class=\"sub_column module_column col2-1 first sub_column_post_12 sub_column_1-0-0-0 tb_k0om543 repeat\" > \r\n\t    \t    \t        <div class=\"tb-column-inner\">\r\n\t\t    <!-- module text -->\r\n<div  class=\"module module-text tb_di7t543    \">\r\n            <div  class=\"tb_text_wrap\">\r\n    <h3>Votre ost\u00e9opathe Lyon<\/h3>\n<p><br \/>Je me pr\u00e9sente, je suis Ilias Charitidis, j&#8217;ai finis ma formation au sein de l\u2019\u00e9cole ATSA ( Andrew Taylor Still Academy), et pratique l\u2019ost\u00e9opathie depuis maintenant plus de 8 ans. Une r\u00e9elle passion est n\u00e9e pour ce domaine gr\u00e2ce a mon enthousiasme pour l&#8217;anatomie humaine ainsi que la capacit\u00e9 de pouvoir aider l&#8217;humain. Aujourd&#8217;hui j&#8217;exerce dans mon cabinet d\u2019ost\u00e9opathie \u00e0 Lyon 8\u00e8me).<br \/><br \/><br \/><\/p>    <\/div>\r\n<\/div>\r\n<!-- \/module text -->\r\n\t        <\/div>\r\n\t    \t<\/div>\r\n\t\t<div style=\"width:37%;\" class=\"sub_column module_column col2-1 last sub_column_post_12 sub_column_1-0-0-1 tb_pizf543\" > \r\n\t    \t    \t        <div class=\"tb-column-inner\">\r\n\t\t        <!-- module image -->\r\n    <div  class=\"module module-image tb_7amm299  image-top  \">\r\n\t                <div class=\"image-wrap\">\r\n                            <img decoding=\"async\" loading=\"lazy\" width=\"525\" height=\"700\" src=\"https:\/\/www.osteo-lyon-8.fr\/wp-content\/uploads\/2020\/09\/Ilias-charitidis-osteo-lyon-8.jpg\" class=\" wp-post-image wp-image-128\" title=\"Ilias-charitidis-osteo-lyon-8\" alt=\"Ilias charitidis ost\u00e9opathe lyon\" srcset=\"https:\/\/www.osteo-lyon-8.fr\/wp-content\/uploads\/2020\/09\/Ilias-charitidis-osteo-lyon-8.jpg 525w, https:\/\/www.osteo-lyon-8.fr\/wp-content\/uploads\/2020\/09\/Ilias-charitidis-osteo-lyon-8-225x300.jpg 225w, https:\/\/www.osteo-lyon-8.fr\/wp-content\/uploads\/2020\/09\/Ilias-charitidis-osteo-lyon-8-750x1000.jpg 750w, https:\/\/www.osteo-lyon-8.fr\/wp-content\/uploads\/2020\/09\/Ilias-charitidis-osteo-lyon-8-22x30.jpg 22w\" sizes=\"(max-width: 525px) 100vw, 525px\" \/>            \r\n                        <\/div>\r\n            <!-- \/image-wrap -->\r\n        \r\n        \r\n        <\/div>\r\n    <!-- \/module image -->\r\n\t        <\/div>\r\n\t    \t<\/div>\r\n\t\t    <\/div>\r\n\t<\/div><!-- \/themify_builder_sub_row -->\r\n\t\t<div  class=\"themify_builder_sub_row module_subrow clearfix repeat wow fadeInRight sub_row_1-0-1 tb_z94p678\" >\r\n\t    \t    <div class=\"subrow_inner col_align_top\"   data-basecol=\"2\" data-col_mobile=\"column-full\">\r\n\t\t\t<div  class=\"sub_column module_column col4-3 first sub_column_post_12 sub_column_1-0-1-0 tb_zpfh678\" > \r\n\t    \t    \t        <div class=\"tb-column-inner\">\r\n\t\t    <!-- module text -->\r\n<div  class=\"module module-text tb_avvo678    wow fadeInRight \">\r\n            <div  class=\"tb_text_wrap\">\r\n    <h2 style=\"text-align: center;\">Localisation du cabinet<\/h2>    <\/div>\r\n<\/div>\r\n<!-- \/module text -->\r\n<!-- module text -->\r\n<div  class=\"module module-text tb_3ykr679    wow fadeInRight \">\r\n            <div  class=\"tb_text_wrap\">\r\n    <p style=\"text-align: center;\">23B Rue Maryse Basti\u00e9, 69008 Lyon ,<br \/>1 min de l\u2019arret de tram T2 Jean Maryse Basti\u00e9 XXIII<\/p>\n<p>\u00a0<\/p>    <\/div>\r\n<\/div>\r\n<!-- \/module text -->\r\n\t        <\/div>\r\n\t    \t<\/div>\r\n\t\t<div  class=\"sub_column module_column col4-1 last sub_column_post_12 sub_column_1-0-1-1 tb_4wlv679\"> \r\n\t    \t    \t        <div class=\"tb-column-inner\">\r\n\t\t        <!-- module image -->\r\n    <div  class=\"module module-image tb_y2qf680  image-top   wow fadeInRight  auto_fullwidth\">\r\n\t                <div class=\"image-wrap\">\r\n                            <img decoding=\"async\" loading=\"lazy\" width=\"512\" height=\"512\" src=\"https:\/\/www.osteo-lyon-8.fr\/wp-content\/uploads\/2020\/09\/localisation-cabinet-osteo-lyon-8.png\" class=\" wp-post-image wp-image-281\" title=\"localisation-cabinet-osteo-lyon-8\" alt=\"localisation cabinet osteo lyon-8\" srcset=\"https:\/\/www.osteo-lyon-8.fr\/wp-content\/uploads\/2020\/09\/localisation-cabinet-osteo-lyon-8.png 512w, https:\/\/www.osteo-lyon-8.fr\/wp-content\/uploads\/2020\/09\/localisation-cabinet-osteo-lyon-8-300x300.png 300w, https:\/\/www.osteo-lyon-8.fr\/wp-content\/uploads\/2020\/09\/localisation-cabinet-osteo-lyon-8-150x150.png 150w, https:\/\/www.osteo-lyon-8.fr\/wp-content\/uploads\/2020\/09\/localisation-cabinet-osteo-lyon-8-750x750.png 750w\" sizes=\"(max-width: 512px) 100vw, 512px\" \/>            \r\n                        <\/div>\r\n            <!-- \/image-wrap -->\r\n        \r\n        \r\n        <\/div>\r\n    <!-- \/module image -->\r\n\t        <\/div>\r\n\t    \t<\/div>\r\n\t\t    <\/div>\r\n\t<\/div><!-- \/themify_builder_sub_row -->\r\n\t\t        <\/div>\r\n\t    \t<\/div>\r\n\t\t    <\/div>\r\n\t    <!-- \/row_inner -->\r\n\t<\/div>\r\n\t<!-- \/module_row -->\r\n\t\t<!-- module_row -->\r\n\t<div   class=\"themify_builder_row module_row clearfix repeat module_row_2 themify_builder_12_row module_row_12-2 tb_5ds6540\">\r\n\t    \t    <div class=\"row_inner col_align_top\" >\r\n\t\t\t<div  class=\"module_column tb-column col-full first tb_12_column module_column_0 module_column_12-2-0 tb_ztqb556\">\r\n\t    \t    \t        <div class=\"tb-column-inner\">\r\n\t\t    \t<div  class=\"themify_builder_sub_row module_subrow clearfix sub_row_2-0-0 tb_j4fb556\">\r\n\t    \t    <div class=\"subrow_inner col_align_top\"   data-basecol=\"3\" data-col_mobile=\"column-full\">\r\n\t\t\t<div style=\"width:19.6%;\" class=\"sub_column module_column col3-1 first sub_column_post_12 sub_column_2-0-0-0 tb_1gus556\"> \r\n\t    \t    \t<\/div>\r\n\t\t<div style=\"width:53%;\" class=\"sub_column module_column col3-1 middle sub_column_post_12 sub_column_2-0-0-1 tb_jgn4558\" > \r\n\t    \t    \t        <div class=\"tb-column-inner\">\r\n\t\t    <!-- module text -->\r\n<div  class=\"module module-text tb_6lbi558  repeat  wow bounceIn \">\r\n            <div  class=\"tb_text_wrap\">\r\n    <p>Comment me contacter?<\/p>\n<p>\u00a0<\/p>    <\/div>\r\n<\/div>\r\n<!-- \/module text -->\r\n    <!-- module buttons -->\r\n    <div  class=\"module module-buttons tb_j898558 xlarge solid circle   wow bounceIn tb-align-center\">\r\n\t        \t<div class=\"module-buttons\">\r\n                            <div class=\"module-buttons-item  buttons-horizontal\">\r\n\t\t    \t\t\t<a href=\"https:\/\/www.doctolib.fr\/osteopathe\/lyon\/ilias-charitidis\" class=\"ui builder_button yellow\" target=\"_blank\" rel=\"noopener\">\r\n\t\t    \t\t    \t\t\t<span>Prendre Rdv<\/span>\r\n\t\t    \t\t    \t\t\t<\/a>\r\n\t\t                    <\/div>\r\n                            <div class=\"module-buttons-item  buttons-horizontal\">\r\n\t\t    \t\t    \t\t\t<span><\/span>\r\n\t\t    \t\t                    <\/div>\r\n                    <\/div>\r\n    <\/div>\r\n    <!-- \/module buttons -->\r\n\t        <\/div>\r\n\t    \t<\/div>\r\n\t\t<div style=\"width:21%;\" class=\"sub_column module_column col3-1 last sub_column_post_12 sub_column_2-0-0-2 tb_nn47559\"> \r\n\t    \t    \t<\/div>\r\n\t\t    <\/div>\r\n\t<\/div><!-- \/themify_builder_sub_row -->\r\n\t\t<div  class=\"themify_builder_sub_row module_subrow clearfix sub_row_2-0-1 tb_0xsv559\">\r\n\t    \t    <div class=\"subrow_inner col_align_top\"   data-basecol=\"3\" data-col_mobile=\"column3-1\">\r\n\t\t\t<div  class=\"sub_column module_column col3-1 first sub_column_post_12 sub_column_2-0-1-0 tb_ln65559\" > \r\n\t    \t    \t        <div class=\"tb-column-inner\">\r\n\t\t        <!-- module feature -->\r\n   <div  class=\"module module-feature tb_z94o559 with-chart layout-icon-top size-small   wow bounceIn\">\r\n        <style type=\"text\/css\"><\/style>\r\n        \r\n        <div class=\"module-feature-image\">\r\n            \r\n            \r\n                <div class=\"module-feature-chart-html5\"\r\n                                     >\r\n                    <div class=\"chart-html5-circle\">\r\n                                                <div class=\"chart-html5-inset chart-html5-inset-icon\">\r\n\r\n                                                                                            <i class=\"module-feature-icon ti-location-pin\"><\/i>                            \r\n                        <\/div>\r\n                    <\/div>\r\n                <\/div>\r\n\r\n                        <\/div>\r\n\r\n        <div class=\"module-feature-content\">\r\n\t\t\t                                        <h3 class=\"module-feature-title\">\r\n                                                                                            Localisation                                                                                    <\/h3>\r\n                                \t    <div class=\"tb_text_wrap\">\r\n\t\t<p>23B Rue Maryse Basti\u00e9, 69008 Lyon<\/p>\t    <\/div>\r\n\t<\/div>\r\n\r\n    <\/div>\r\n    <!-- \/module feature -->\r\n\t        <\/div>\r\n\t    \t<\/div>\r\n\t\t<div  class=\"sub_column module_column col3-1 middle sub_column_post_12 sub_column_2-0-1-1 tb_t8u4559\"> \r\n\t    \t    \t        <div class=\"tb-column-inner\">\r\n\t\t        <!-- module feature -->\r\n   <div  class=\"module module-feature tb_r49c559 with-chart layout-icon-top size-small   wow bounceIn\">\r\n        <style type=\"text\/css\"><\/style>\r\n        \r\n        <div class=\"module-feature-image\">\r\n            \r\n            \r\n                <div class=\"module-feature-chart-html5\"\r\n                                     >\r\n                    <div class=\"chart-html5-circle\">\r\n                                                <div class=\"chart-html5-inset chart-html5-inset-icon\">\r\n\r\n                                                                                            <i class=\"module-feature-icon ti-mobile\"><\/i>                            \r\n                        <\/div>\r\n                    <\/div>\r\n                <\/div>\r\n\r\n                        <\/div>\r\n\r\n        <div class=\"module-feature-content\">\r\n\t\t\t                                        <h3 class=\"module-feature-title\">\r\n                                                                                            Num\u00e9ro de t\u00e9l\u00e9phone                                                                                    <\/h3>\r\n                                \t    <div class=\"tb_text_wrap\">\r\n\t\t<p>06 43 04 88 44<\/p>\t    <\/div>\r\n\t<\/div>\r\n\r\n    <\/div>\r\n    <!-- \/module feature -->\r\n\t        <\/div>\r\n\t    \t<\/div>\r\n\t\t<div  class=\"sub_column module_column col3-1 last sub_column_post_12 sub_column_2-0-1-2 tb_zzd0559\"> \r\n\t    \t    \t        <div class=\"tb-column-inner\">\r\n\t\t        <!-- module feature -->\r\n   <div  class=\"module module-feature tb_v32o560 with-chart layout-icon-top size-small   wow bounceIn\">\r\n        <style type=\"text\/css\"><\/style>\r\n        \r\n        <div class=\"module-feature-image\">\r\n            \r\n            \r\n                <div class=\"module-feature-chart-html5\"\r\n                                     >\r\n                    <div class=\"chart-html5-circle\">\r\n                                                <div class=\"chart-html5-inset chart-html5-inset-icon\">\r\n\r\n                                                                                            <i class=\"module-feature-icon ti-email\"><\/i>                            \r\n                        <\/div>\r\n                    <\/div>\r\n                <\/div>\r\n\r\n                        <\/div>\r\n\r\n        <div class=\"module-feature-content\">\r\n\t\t\t                                        <h3 class=\"module-feature-title\">\r\n                                                                                            Email                                                                                    <\/h3>\r\n                                \t    <div class=\"tb_text_wrap\">\r\n\t\t<p>ilias.charitidis@gmail.com<\/p>\t    <\/div>\r\n\t<\/div>\r\n\r\n    <\/div>\r\n    <!-- \/module feature -->\r\n\t        <\/div>\r\n\t    \t<\/div>\r\n\t\t    <\/div>\r\n\t<\/div><!-- \/themify_builder_sub_row -->\r\n\t\t        <\/div>\r\n\t    \t<\/div>\r\n\t\t    <\/div>\r\n\t    <!-- \/row_inner -->\r\n\t<\/div>\r\n\t<!-- \/module_row -->\r\n\t<\/div>\r\n\r\n","protected":false},"excerpt":{"rendered":"<p>VOTRE OST\u00c9O\u00a0\u00a0 Fascin\u00e9 d\u00e8s le plus jeune \u00e2ge par l&#8217;anatomie humaine,aujourd&#8217;hui j&#8217;ai la chance de pouvoir exercer ma passion,l\u2019ost\u00e9opathie. Prendre RDV Votre ost\u00e9opathe Lyon Je me pr\u00e9sente, je suis Ilias Charitidis, j&#8217;ai finis ma formation au sein de l\u2019\u00e9cole ATSA ( Andrew Taylor Still Academy), et pratique l\u2019ost\u00e9opathie depuis maintenant plus de 8 ans. Une [&hellip;]<\/p>\n","protected":false},"author":1,"featured_media":0,"parent":0,"menu_order":0,"comment_status":"closed","ping_status":"closed","template":"","meta":{"footnotes":""},"yoast_head":"<!-- This site is optimized with the Yoast SEO plugin v14.9 - https:\/\/yoast.com\/wordpress\/plugins\/seo\/ -->\n<title>VOTRE OST\u00c9OPATHE | Osteo Lyon 8<\/title>\n<meta name=\"robots\" content=\"index, follow, max-snippet:-1, max-image-preview:large, max-video-preview:-1\" \/>\n<link rel=\"canonical\" href=\"https:\/\/www.osteo-lyon-8.fr\/?page_id=12\" \/>\n<meta property=\"og:locale\" content=\"en_US\" \/>\n<meta property=\"og:type\" content=\"article\" \/>\n<meta property=\"og:title\" content=\"VOTRE OST\u00c9OPATHE | Osteo Lyon 8\" \/>\n<meta property=\"og:description\" content=\"VOTRE OST\u00c9O\u00a0\u00a0 Fascin\u00e9 d\u00e8s le plus jeune \u00e2ge par l&#8217;anatomie humaine,aujourd&#8217;hui j&#8217;ai la chance de pouvoir exercer ma passion,l\u2019ost\u00e9opathie. Prendre RDV Votre ost\u00e9opathe Lyon Je me pr\u00e9sente, je suis Ilias Charitidis, j&#8217;ai finis ma formation au sein de l\u2019\u00e9cole ATSA ( Andrew Taylor Still Academy), et pratique l\u2019ost\u00e9opathie depuis maintenant plus de 8 ans. Une [&hellip;]\" \/>\n<meta property=\"og:url\" content=\"https:\/\/www.osteo-lyon-8.fr\/?page_id=12\" \/>\n<meta property=\"og:site_name\" content=\"Osteo Lyon 8\" \/>\n<meta property=\"article:modified_time\" content=\"2021-03-10T20:43:52+00:00\" \/>\n<meta property=\"og:image\" content=\"https:\/\/www.osteo-lyon-8.fr\/wp-content\/uploads\/2020\/09\/Ilias-charitidis-osteo-lyon-8-750x1000.jpg\" \/>\n<meta name=\"twitter:card\" content=\"summary_large_image\" \/>\n<script type=\"application\/ld+json\" class=\"yoast-schema-graph\">{\"@context\":\"https:\/\/schema.org\",\"@graph\":[{\"@type\":\"WebSite\",\"@id\":\"https:\/\/www.osteo-lyon-8.fr\/#website\",\"url\":\"https:\/\/www.osteo-lyon-8.fr\/\",\"name\":\"Osteo Lyon 8\",\"description\":\"Un site utilisant WordPress\",\"potentialAction\":[{\"@type\":\"SearchAction\",\"target\":\"https:\/\/www.osteo-lyon-8.fr\/?s={search_term_string}\",\"query-input\":\"required name=search_term_string\"}],\"inLanguage\":\"en-US\"},{\"@type\":\"ImageObject\",\"@id\":\"https:\/\/www.osteo-lyon-8.fr\/?page_id=12#primaryimage\",\"inLanguage\":\"en-US\",\"url\":\"https:\/\/www.osteo-lyon-8.fr\/wp-content\/uploads\/2020\/09\/Ilias-charitidis-osteo-lyon-8.jpg\",\"width\":525,\"height\":700,\"caption\":\"Ilias charitidis ost\\u00e9opathe lyon\"},{\"@type\":\"WebPage\",\"@id\":\"https:\/\/www.osteo-lyon-8.fr\/?page_id=12#webpage\",\"url\":\"https:\/\/www.osteo-lyon-8.fr\/?page_id=12\",\"name\":\"VOTRE OST\\u00c9OPATHE | Osteo Lyon 8\",\"isPartOf\":{\"@id\":\"https:\/\/www.osteo-lyon-8.fr\/#website\"},\"primaryImageOfPage\":{\"@id\":\"https:\/\/www.osteo-lyon-8.fr\/?page_id=12#primaryimage\"},\"datePublished\":\"2020-09-20T09:08:50+00:00\",\"dateModified\":\"2021-03-10T20:43:52+00:00\",\"inLanguage\":\"en-US\",\"potentialAction\":[{\"@type\":\"ReadAction\",\"target\":[\"https:\/\/www.osteo-lyon-8.fr\/?page_id=12\"]}]}]}<\/script>\n<!-- \/ Yoast SEO plugin. -->","builder_content":"<h1>VOTRE OST\u00c9O\u00a0\u00a0<\/h1>\n<p>Fascin\u00e9 d\u00e8s le plus jeune \u00e2ge par l'anatomie humaine,<br \/>aujourd'hui j'ai la chance de pouvoir exercer ma passion,<br \/>l\u2019ost\u00e9opathie.<\/p>\n<a href=\"https:\/\/www.doctolib.fr\/osteopathe\/lyon\/ilias-charitidis\" target=\"_blank\" rel=\"noopener\">\n Prendre RDV\n <\/a>\n<h3>Votre ost\u00e9opathe Lyon<\/h3> <p><br \/>Je me pr\u00e9sente, je suis Ilias Charitidis, j'ai finis ma formation au sein de l\u2019\u00e9cole ATSA ( Andrew Taylor Still Academy), et pratique l\u2019ost\u00e9opathie depuis maintenant plus de 8 ans. Une r\u00e9elle passion est n\u00e9e pour ce domaine gr\u00e2ce a mon enthousiasme pour l'anatomie humaine ainsi que la capacit\u00e9 de pouvoir aider l'humain. Aujourd'hui j'exerce dans mon cabinet d\u2019ost\u00e9opathie \u00e0 Lyon 8\u00e8me).<br \/><br \/><br \/><\/p>\n<img decoding=\"async\" loading=\"lazy\" width=\"525\" height=\"700\" src=\"https:\/\/www.osteo-lyon-8.fr\/wp-content\/uploads\/2020\/09\/Ilias-charitidis-osteo-lyon-8.jpg\" title=\"Ilias-charitidis-osteo-lyon-8\" alt=\"Ilias charitidis ost\u00e9opathe lyon\" srcset=\"https:\/\/www.osteo-lyon-8.fr\/wp-content\/uploads\/2020\/09\/Ilias-charitidis-osteo-lyon-8.jpg 525w, https:\/\/www.osteo-lyon-8.fr\/wp-content\/uploads\/2020\/09\/Ilias-charitidis-osteo-lyon-8-225x300.jpg 225w, https:\/\/www.osteo-lyon-8.fr\/wp-content\/uploads\/2020\/09\/Ilias-charitidis-osteo-lyon-8-750x1000.jpg 750w, https:\/\/www.osteo-lyon-8.fr\/wp-content\/uploads\/2020\/09\/Ilias-charitidis-osteo-lyon-8-22x30.jpg 22w\" sizes=\"(max-width: 525px) 100vw, 525px\" \/>\n<h2 style=\"text-align: center;\">Localisation du cabinet<\/h2>\n<p style=\"text-align: center;\">23B Rue Maryse Basti\u00e9, 69008 Lyon ,<br \/>1 min de l\u2019arret de tram T2 Jean Maryse Basti\u00e9 XXIII<\/p> <p>\u00a0<\/p>\n<img decoding=\"async\" loading=\"lazy\" width=\"512\" height=\"512\" src=\"https:\/\/www.osteo-lyon-8.fr\/wp-content\/uploads\/2020\/09\/localisation-cabinet-osteo-lyon-8.png\" title=\"localisation-cabinet-osteo-lyon-8\" alt=\"localisation cabinet osteo lyon-8\" srcset=\"https:\/\/www.osteo-lyon-8.fr\/wp-content\/uploads\/2020\/09\/localisation-cabinet-osteo-lyon-8.png 512w, https:\/\/www.osteo-lyon-8.fr\/wp-content\/uploads\/2020\/09\/localisation-cabinet-osteo-lyon-8-300x300.png 300w, https:\/\/www.osteo-lyon-8.fr\/wp-content\/uploads\/2020\/09\/localisation-cabinet-osteo-lyon-8-150x150.png 150w, https:\/\/www.osteo-lyon-8.fr\/wp-content\/uploads\/2020\/09\/localisation-cabinet-osteo-lyon-8-750x750.png 750w\" sizes=\"(max-width: 512px) 100vw, 512px\" \/>\n<p>Comment me contacter?<\/p> <p>\u00a0<\/p>\n<a href=\"https:\/\/www.doctolib.fr\/osteopathe\/lyon\/ilias-charitidis\" target=\"_blank\" rel=\"noopener\">\n Prendre Rdv\n <\/a>\n<h3>\n Localisation <\/h3>\n \n <p>23B Rue Maryse Basti\u00e9, 69008 Lyon<\/p>\n<h3>\n Num\u00e9ro de t\u00e9l\u00e9phone <\/h3>\n \n <p>06 43 04 88 44<\/p>\n<h3>\n Email <\/h3>\n \n <p>ilias.charitidis@gmail.com<\/p>","_links":{"self":[{"href":"https:\/\/www.osteo-lyon-8.fr\/index.php?rest_route=\/wp\/v2\/pages\/12"}],"collection":[{"href":"https:\/\/www.osteo-lyon-8.fr\/index.php?rest_route=\/wp\/v2\/pages"}],"about":[{"href":"https:\/\/www.osteo-lyon-8.fr\/index.php?rest_route=\/wp\/v2\/types\/page"}],"author":[{"embeddable":true,"href":"https:\/\/www.osteo-lyon-8.fr\/index.php?rest_route=\/wp\/v2\/users\/1"}],"replies":[{"embeddable":true,"href":"https:\/\/www.osteo-lyon-8.fr\/index.php?rest_route=%2Fwp%2Fv2%2Fcomments&post=12"}],"version-history":[{"count":77,"href":"https:\/\/www.osteo-lyon-8.fr\/index.php?rest_route=\/wp\/v2\/pages\/12\/revisions"}],"predecessor-version":[{"id":795,"href":"https:\/\/www.osteo-lyon-8.fr\/index.php?rest_route=\/wp\/v2\/pages\/12\/revisions\/795"}],"wp:attachment":[{"href":"https:\/\/www.osteo-lyon-8.fr\/index.php?rest_route=%2Fwp%2Fv2%2Fmedia&parent=12"}],"curies":[{"name":"wp","href":"https:\/\/api.w.org\/{rel}","templated":true}]}}