{"id":159,"date":"2020-09-21T18:39:44","date_gmt":"2020-09-21T16:39:44","guid":{"rendered":"https:\/\/www.osteo-lyon-8.fr\/?page_id=159"},"modified":"2021-05-14T10:37:21","modified_gmt":"2021-05-14T08:37:21","slug":"seniors","status":"publish","type":"page","link":"https:\/\/www.osteo-lyon-8.fr\/?page_id=159","title":{"rendered":"SENIORS"},"content":{"rendered":"<div id=\"themify_builder_content-159\" data-postid=\"159\" class=\"themify_builder_content themify_builder_content-159 themify_builder\">\r\n    \t<!-- module_row -->\r\n\t<div   class=\"themify_builder_row module_row clearfix builder-parallax-scrolling fullwidth_row_container module_row_0 themify_builder_159_row module_row_159-0 tb_1m0t445\">\r\n\t    <div class=\"builder_row_cover\"><\/div>\t    <div class=\"row_inner col_align_middle direction-rtl\"   data-desktop_dir=\"rtl\" data-mobile_dir=\"rtl\">\r\n\t\t\t<div  class=\"module_column tb-column col-full first tb_159_column module_column_0 module_column_159-0-0 tb_v8bk445 repeat\" >\r\n\t    \t    \t        <div class=\"tb-column-inner\">\r\n\t\t    <!-- module text -->\r\n<div  class=\"module module-text tb_8sfx446  repeat  \">\r\n            <div  class=\"tb_text_wrap\">\r\n    <h1>OST\u00c9OPATHE SENIORS LYON\u00a0<\/h1>    <\/div>\r\n<\/div>\r\n<!-- \/module text -->\r\n<!-- module text -->\r\n<div  class=\"module module-text tb_iafl446  repeat  \">\r\n            <div  class=\"tb_text_wrap\">\r\n    <h2>Ost\u00e9opathe Lyon dans le 8\u00e8me arrondissement <br \/>disponible <strong>7\/7 jours. <br \/><\/strong>Pret \u00e0 vous accueilleir dans son cabinet.<\/h2>    <\/div>\r\n<\/div>\r\n<!-- \/module text -->\r\n    <!-- module buttons -->\r\n    <div  class=\"module module-buttons tb_l236446 normal solid circle   wow bounce\">\r\n\t        \t<div class=\"module-buttons\">\r\n                            <div class=\"module-buttons-item  buttons-horizontal\">\r\n\t\t    \t\t\t<a href=\"https:\/\/www.doctolib.fr\/osteopathe\/lyon\/ilias-charitidis\" class=\"ui builder_button tb_default_color\" target=\"_blank\" rel=\"noopener\">\r\n\t\t    \t\t    \t\t\t<span>Prendre RDV<\/span>\r\n\t\t    \t\t    \t\t\t<\/a>\r\n\t\t                    <\/div>\r\n                    <\/div>\r\n    <\/div>\r\n    <!-- \/module buttons -->\r\n\t        <\/div>\r\n\t    \t<\/div>\r\n\t\t    <\/div>\r\n\t    <!-- \/row_inner -->\r\n\t<\/div>\r\n\t<!-- \/module_row -->\r\n\t\t<!-- module_row -->\r\n\t<div   class=\"themify_builder_row module_row clearfix module_row_1 themify_builder_159_row module_row_159-1 tb_x3lw924\">\r\n\t    \t    <div class=\"row_inner col_align_top\" >\r\n\t\t\t<div  class=\"module_column tb-column col-full first tb_159_column module_column_0 module_column_159-1-0 tb_wv62925\">\r\n\t    \t    \t        <div class=\"tb-column-inner\">\r\n\t\t    <!-- module text -->\r\n<div  class=\"module module-text tb_y1wj925    \">\r\n            <div  class=\"tb_text_wrap\">\r\n    <h2>Les pathologies les plus fr\u00e9quentes chez les s\u00e9niors<\/h2>    <\/div>\r\n<\/div>\r\n<!-- \/module text -->\r\n<!-- module text -->\r\n<div  class=\"module module-text tb_9hul926    \">\r\n            <div  class=\"tb_text_wrap\">\r\n    <p class=\"Textbody\">En vieillissant , la colonne vert\u00e9brale se d\u00e9grade et nous ressentons une pression d\u00e9mesur\u00e9e sur nos articulations et nos groupes musculaires. Le d\u00e9clin de la forme et de nos articulations est un ph\u00e9nom\u00e8ne naturel .l\u2019ost\u00e9opathe va analyser la forme du corps , ainsi que la souplesse des groupes musculaires, ligaments et tendons . Les th\u00e9rapeutes emploient leurs mains pour diagnostiquer les causes des malaises et maladies qui affectent les seniors tel que:<\/p>\n<ul>\n<li class=\"Textbody\">les troubles du sommeil<\/li>\n<li class=\"Textbody\">le mal de dos<\/li>\n<li class=\"Textbody\">les difficult\u00e9s \u00e0 se d\u00e9placer<\/li>\n<li class=\"Textbody\">l&#8217;arthrose<\/li>\n<li>les migraines, vertiges<\/li>\n<\/ul>\n<p class=\"Textbody\">Il n\u2019est pas envisageable d\u2019inverser les effets de l\u2019\u00e2ge , mais l&#8217;accompagnement par un\u00a0 ost\u00e9opathe permet d\u2019att\u00e9nuer les douleurs et probl\u00e8mes courants des seniors et \u00e0 aider \u00e0 pr\u00e9venir leur r\u00e9apparition . Il ne faut pas oublier que tous les probl\u00e8mes ne peuvent pas \u00eatre trait\u00e9s avec l\u2019ost\u00e9opathie. Soulager l\u2019arthrite chez les personnes est possible. Il est important de se faire traiter par un <a href=\"https:\/\/www.osteo-lyon-8.fr\/\">ost\u00e9opathe comp\u00e9tent<\/a> dans le domaine.<\/p>    <\/div>\r\n<\/div>\r\n<!-- \/module text -->\r\n\t        <\/div>\r\n\t    \t<\/div>\r\n\t\t    <\/div>\r\n\t    <!-- \/row_inner -->\r\n\t<\/div>\r\n\t<!-- \/module_row -->\r\n\t\t<!-- module_row -->\r\n\t<div   class=\"themify_builder_row module_row clearfix module_row_2 themify_builder_159_row module_row_159-2 tb_pj0s636\">\r\n\t    \t    <div class=\"row_inner col_align_top\" >\r\n\t\t\t<div  class=\"module_column tb-column col-full first tb_159_column module_column_0 module_column_159-2-0 tb_db60636\">\r\n\t    \t    \t        <div class=\"tb-column-inner\">\r\n\t\t    <!-- module text -->\r\n<div  class=\"module module-text tb_jfer637    \">\r\n            <div  class=\"tb_text_wrap\">\r\n    <h2>Les bienfaits d&#8217;un osteopathe seniors lyon<\/h2>    <\/div>\r\n<\/div>\r\n<!-- \/module text -->\r\n<!-- module text -->\r\n<div  class=\"module module-text tb_ryz2637    \">\r\n            <div  class=\"tb_text_wrap\">\r\n    <p class=\"Textbody\"><span class=\"StrongEmphasis\">La mobilit\u00e9 du corps \u00e9tant souvent r\u00e9duite chez la personne \u00e2g\u00e9e, l&#8217;ost\u00e9opathe am\u00e9liorera<\/span> au cours de la s\u00e9ance<\/p>\n<ul>\n<li class=\"Textbody\">la souplesse<\/li>\n<li class=\"Textbody\">\u00a0la mobilit\u00e9 des articulations<\/li>\n<li>soulagement de l&#8217;arthrite<\/li>\n<\/ul>\n<p class=\"Textbody\"><span class=\"StrongEmphasis\">L\u2019ost\u00e9opathe peut \u00e9galement donner des conseils sur les bonnes postures \u00e0 adopter<\/span>, et sur les exercices \u00e0 pratiquer pour acc\u00e9l\u00e9rer la gu\u00e9rison, promouvoir la sant\u00e9 au grand \u00e2ge et pr\u00e9venir un retour des sympt\u00f4mes.<br \/>Concernant l&#8217;arthrite, l\u2019ost\u00e9opathie ne peut pas l&#8217;\u00e9radiquer mais peut n\u00e9anmoins soulager la douleur, r\u00e9duire la raideur et am\u00e9liorer la mobilit\u00e9 des articulations aux phases les moins avanc\u00e9es de la maladie chez les personnes \u00e2g\u00e9es<\/p>\n<p class=\"Textbody\">L\u2019ost\u00e9opathie est une m\u00e9thode <strong>th\u00e9rapeutique manuelle <\/strong>op\u00e8re au niveau de la structure et de la fonction du corps, sans rajouter de m\u00e9dicaments ou autres produits chimiques au traitement du patient.<\/p>    <\/div>\r\n<\/div>\r\n<!-- \/module text -->\r\n    <!-- module image -->\r\n    <div  class=\"module module-image tb_lskm330  image-center  \">\r\n\t                <div class=\"image-wrap\">\r\n                            <img decoding=\"async\" loading=\"lazy\" width=\"533\" height=\"300\" src=\"https:\/\/www.osteo-lyon-8.fr\/wp-content\/uploads\/2020\/09\/osteopathe-seniors-lyon.jpg\" class=\" wp-post-image wp-image-640\" title=\"osteopathe-seniors-lyon\" alt=\"ost\u00e9opathe seniors lyon\" srcset=\"https:\/\/www.osteo-lyon-8.fr\/wp-content\/uploads\/2020\/09\/osteopathe-seniors-lyon.jpg 533w, https:\/\/www.osteo-lyon-8.fr\/wp-content\/uploads\/2020\/09\/osteopathe-seniors-lyon-300x169.jpg 300w\" sizes=\"(max-width: 533px) 100vw, 533px\" \/>            \r\n                        <\/div>\r\n            <!-- \/image-wrap -->\r\n        \r\n        \r\n        <\/div>\r\n    <!-- \/module image -->\r\n<!-- module text -->\r\n<div  class=\"module module-text tb_0s7b87    \">\r\n            <div  class=\"tb_text_wrap\">\r\n    <p><a href=\"https:\/\/osteopathes.nosavis.com\/\">osteopathe nos avis<\/a><\/p>    <\/div>\r\n<\/div>\r\n<!-- \/module text -->\r\n\t        <\/div>\r\n\t    \t<\/div>\r\n\t\t    <\/div>\r\n\t    <!-- \/row_inner -->\r\n\t<\/div>\r\n\t<!-- \/module_row -->\r\n\t\t<!-- module_row -->\r\n\t<div   class=\"themify_builder_row module_row clearfix repeat module_row_3 themify_builder_159_row module_row_159-3 tb_dmon533\">\r\n\t    \t    <div class=\"row_inner col_align_top\" >\r\n\t\t\t<div  class=\"module_column tb-column col-full first tb_159_column module_column_0 module_column_159-3-0 tb_h5do534\">\r\n\t    \t    \t        <div class=\"tb-column-inner\">\r\n\t\t    \t<div  class=\"themify_builder_sub_row module_subrow clearfix sub_row_3-0-0 tb_twkj534\">\r\n\t    \t    <div class=\"subrow_inner col_align_top\"   data-basecol=\"3\" data-col_mobile=\"column-full\">\r\n\t\t\t<div style=\"width:19.6%;\" class=\"sub_column module_column col3-1 first sub_column_post_159 sub_column_3-0-0-0 tb_v066535\"> \r\n\t    \t    \t<\/div>\r\n\t\t<div style=\"width:53%;\" class=\"sub_column module_column col3-1 middle sub_column_post_159 sub_column_3-0-0-1 tb_e7h0535\" > \r\n\t    \t    \t        <div class=\"tb-column-inner\">\r\n\t\t    <!-- module text -->\r\n<div  class=\"module module-text tb_bi96535  repeat  \">\r\n            <div  class=\"tb_text_wrap\">\r\n    <p>Comment me contacter?<\/p>\n<p>\u00a0<\/p>    <\/div>\r\n<\/div>\r\n<!-- \/module text -->\r\n    <!-- module buttons -->\r\n    <div  class=\"module module-buttons tb_lq64535 xlarge solid circle   tb-align-center\">\r\n\t        \t<div class=\"module-buttons\">\r\n                            <div class=\"module-buttons-item  buttons-horizontal\">\r\n\t\t    \t\t\t<a href=\"https:\/\/www.doctolib.fr\/osteopathe\/lyon\/ilias-charitidis\" class=\"ui builder_button yellow\" target=\"_blank\" rel=\"noopener\">\r\n\t\t    \t\t    \t\t\t<span>Prendre Rdv<\/span>\r\n\t\t    \t\t    \t\t\t<\/a>\r\n\t\t                    <\/div>\r\n                            <div class=\"module-buttons-item  buttons-horizontal\">\r\n\t\t    \t\t    \t\t\t<span><\/span>\r\n\t\t    \t\t                    <\/div>\r\n                    <\/div>\r\n    <\/div>\r\n    <!-- \/module buttons -->\r\n\t        <\/div>\r\n\t    \t<\/div>\r\n\t\t<div style=\"width:21%;\" class=\"sub_column module_column col3-1 last sub_column_post_159 sub_column_3-0-0-2 tb_5xl1535\"> \r\n\t    \t    \t<\/div>\r\n\t\t    <\/div>\r\n\t<\/div><!-- \/themify_builder_sub_row -->\r\n\t\t<div  class=\"themify_builder_sub_row module_subrow clearfix sub_row_3-0-1 tb_9smo536\">\r\n\t    \t    <div class=\"subrow_inner col_align_top\"   data-basecol=\"3\" data-col_mobile=\"column3-1\">\r\n\t\t\t<div  class=\"sub_column module_column col3-1 first sub_column_post_159 sub_column_3-0-1-0 tb_zedc537\" > \r\n\t    \t    \t        <div class=\"tb-column-inner\">\r\n\t\t        <!-- module feature -->\r\n   <div  class=\"module module-feature tb_rcw8537 with-chart layout-icon-top size-small  \">\r\n        <style type=\"text\/css\"><\/style>\r\n        \r\n        <div class=\"module-feature-image\">\r\n            \r\n            \r\n                <div class=\"module-feature-chart-html5\"\r\n                                     >\r\n                    <div class=\"chart-html5-circle\">\r\n                                                <div class=\"chart-html5-inset chart-html5-inset-icon\">\r\n\r\n                                                                                            <i class=\"module-feature-icon ti-location-pin\"><\/i>                            \r\n                        <\/div>\r\n                    <\/div>\r\n                <\/div>\r\n\r\n                        <\/div>\r\n\r\n        <div class=\"module-feature-content\">\r\n\t\t\t                                        <h3 class=\"module-feature-title\">\r\n                                                                                            Localisation                                                                                    <\/h3>\r\n                                \t    <div class=\"tb_text_wrap\">\r\n\t\t<p>23B Rue Maryse Basti\u00e9, 69008 Lyon<\/p>\t    <\/div>\r\n\t<\/div>\r\n\r\n    <\/div>\r\n    <!-- \/module feature -->\r\n\t        <\/div>\r\n\t    \t<\/div>\r\n\t\t<div  class=\"sub_column module_column col3-1 middle sub_column_post_159 sub_column_3-0-1-1 tb_d0l3537\"> \r\n\t    \t    \t        <div class=\"tb-column-inner\">\r\n\t\t        <!-- module feature -->\r\n   <div  class=\"module module-feature tb_03sc537 with-chart layout-icon-top size-small  \">\r\n        <style type=\"text\/css\"><\/style>\r\n        \r\n        <div class=\"module-feature-image\">\r\n            \r\n            \r\n                <div class=\"module-feature-chart-html5\"\r\n                                     >\r\n                    <div class=\"chart-html5-circle\">\r\n                                                <div class=\"chart-html5-inset chart-html5-inset-icon\">\r\n\r\n                                                                                            <i class=\"module-feature-icon ti-mobile\"><\/i>                            \r\n                        <\/div>\r\n                    <\/div>\r\n                <\/div>\r\n\r\n                        <\/div>\r\n\r\n        <div class=\"module-feature-content\">\r\n\t\t\t                                        <h3 class=\"module-feature-title\">\r\n                                                                                            Num\u00e9ro de t\u00e9l\u00e9phone                                                                                    <\/h3>\r\n                                \t    <div class=\"tb_text_wrap\">\r\n\t\t<p>06 43 04 88 44<\/p>\t    <\/div>\r\n\t<\/div>\r\n\r\n    <\/div>\r\n    <!-- \/module feature -->\r\n\t        <\/div>\r\n\t    \t<\/div>\r\n\t\t<div  class=\"sub_column module_column col3-1 last sub_column_post_159 sub_column_3-0-1-2 tb_ilsf537\"> \r\n\t    \t    \t        <div class=\"tb-column-inner\">\r\n\t\t        <!-- module feature -->\r\n   <div  class=\"module module-feature tb_w86q537 with-chart layout-icon-top size-small  \">\r\n        <style type=\"text\/css\"><\/style>\r\n        \r\n        <div class=\"module-feature-image\">\r\n            \r\n            \r\n                <div class=\"module-feature-chart-html5\"\r\n                                     >\r\n                    <div class=\"chart-html5-circle\">\r\n                                                <div class=\"chart-html5-inset chart-html5-inset-icon\">\r\n\r\n                                                                                            <i class=\"module-feature-icon ti-email\"><\/i>                            \r\n                        <\/div>\r\n                    <\/div>\r\n                <\/div>\r\n\r\n                        <\/div>\r\n\r\n        <div class=\"module-feature-content\">\r\n\t\t\t                                        <h3 class=\"module-feature-title\">\r\n                                                                                            Email                                                                                    <\/h3>\r\n                                \t    <div class=\"tb_text_wrap\">\r\n\t\t<p>ilias.charitidis@gmail.com<\/p>\t    <\/div>\r\n\t<\/div>\r\n\r\n    <\/div>\r\n    <!-- \/module feature -->\r\n\t        <\/div>\r\n\t    \t<\/div>\r\n\t\t    <\/div>\r\n\t<\/div><!-- \/themify_builder_sub_row -->\r\n\t\t        <\/div>\r\n\t    \t<\/div>\r\n\t\t    <\/div>\r\n\t    <!-- \/row_inner -->\r\n\t<\/div>\r\n\t<!-- \/module_row -->\r\n\t<\/div>\r\n\r\n","protected":false},"excerpt":{"rendered":"<p>OST\u00c9OPATHE SENIORS LYON\u00a0 Ost\u00e9opathe Lyon dans le 8\u00e8me arrondissement disponible 7\/7 jours. Pret \u00e0 vous accueilleir dans son cabinet. Prendre RDV Les pathologies les plus fr\u00e9quentes chez les s\u00e9niors En vieillissant , la colonne vert\u00e9brale se d\u00e9grade et nous ressentons une pression d\u00e9mesur\u00e9e sur nos articulations et nos groupes musculaires. Le d\u00e9clin de la forme [&hellip;]<\/p>\n","protected":false},"author":1,"featured_media":0,"parent":0,"menu_order":0,"comment_status":"closed","ping_status":"closed","template":"","meta":{"footnotes":""},"yoast_head":"<!-- This site is optimized with the Yoast SEO plugin v14.9 - https:\/\/yoast.com\/wordpress\/plugins\/seo\/ -->\n<title>SENIORS | Osteo Lyon 8<\/title>\n<meta name=\"robots\" content=\"index, follow, max-snippet:-1, max-image-preview:large, max-video-preview:-1\" \/>\n<link rel=\"canonical\" href=\"https:\/\/www.osteo-lyon-8.fr\/?page_id=159\" \/>\n<meta property=\"og:locale\" content=\"en_US\" \/>\n<meta property=\"og:type\" content=\"article\" \/>\n<meta property=\"og:title\" content=\"SENIORS | Osteo Lyon 8\" \/>\n<meta property=\"og:description\" content=\"OST\u00c9OPATHE SENIORS LYON\u00a0 Ost\u00e9opathe Lyon dans le 8\u00e8me arrondissement disponible 7\/7 jours. Pret \u00e0 vous accueilleir dans son cabinet. Prendre RDV Les pathologies les plus fr\u00e9quentes chez les s\u00e9niors En vieillissant , la colonne vert\u00e9brale se d\u00e9grade et nous ressentons une pression d\u00e9mesur\u00e9e sur nos articulations et nos groupes musculaires. Le d\u00e9clin de la forme [&hellip;]\" \/>\n<meta property=\"og:url\" content=\"https:\/\/www.osteo-lyon-8.fr\/?page_id=159\" \/>\n<meta property=\"og:site_name\" content=\"Osteo Lyon 8\" \/>\n<meta property=\"article:modified_time\" content=\"2021-05-14T08:37:21+00:00\" \/>\n<meta property=\"og:image\" content=\"https:\/\/themify.me\/demo\/themes\/page-break\/files\/2018\/08\/toronto.jpg\" \/>\n<meta name=\"twitter:card\" content=\"summary_large_image\" \/>\n<script type=\"application\/ld+json\" class=\"yoast-schema-graph\">{\"@context\":\"https:\/\/schema.org\",\"@graph\":[{\"@type\":\"WebSite\",\"@id\":\"https:\/\/www.osteo-lyon-8.fr\/#website\",\"url\":\"https:\/\/www.osteo-lyon-8.fr\/\",\"name\":\"Osteo Lyon 8\",\"description\":\"Un site utilisant WordPress\",\"potentialAction\":[{\"@type\":\"SearchAction\",\"target\":\"https:\/\/www.osteo-lyon-8.fr\/?s={search_term_string}\",\"query-input\":\"required name=search_term_string\"}],\"inLanguage\":\"en-US\"},{\"@type\":\"ImageObject\",\"@id\":\"https:\/\/www.osteo-lyon-8.fr\/?page_id=159#primaryimage\",\"inLanguage\":\"en-US\",\"url\":\"https:\/\/www.osteo-lyon-8.fr\/wp-content\/uploads\/2020\/09\/osteopathe-seniors-lyon.jpg\",\"width\":533,\"height\":300,\"caption\":\"ost\\u00e9opathe seniors lyon\"},{\"@type\":\"WebPage\",\"@id\":\"https:\/\/www.osteo-lyon-8.fr\/?page_id=159#webpage\",\"url\":\"https:\/\/www.osteo-lyon-8.fr\/?page_id=159\",\"name\":\"SENIORS | Osteo Lyon 8\",\"isPartOf\":{\"@id\":\"https:\/\/www.osteo-lyon-8.fr\/#website\"},\"primaryImageOfPage\":{\"@id\":\"https:\/\/www.osteo-lyon-8.fr\/?page_id=159#primaryimage\"},\"datePublished\":\"2020-09-21T16:39:44+00:00\",\"dateModified\":\"2021-05-14T08:37:21+00:00\",\"inLanguage\":\"en-US\",\"potentialAction\":[{\"@type\":\"ReadAction\",\"target\":[\"https:\/\/www.osteo-lyon-8.fr\/?page_id=159\"]}]}]}<\/script>\n<!-- \/ Yoast SEO plugin. -->","builder_content":"<h1>OST\u00c9OPATHE SENIORS LYON\u00a0<\/h1>\n<h2>Ost\u00e9opathe Lyon dans le 8\u00e8me arrondissement <br \/>disponible <strong>7\/7 jours. <br \/><\/strong>Pret \u00e0 vous accueilleir dans son cabinet.<\/h2>\n<a href=\"https:\/\/www.doctolib.fr\/osteopathe\/lyon\/ilias-charitidis\" target=\"_blank\" rel=\"noopener\">\n Prendre RDV\n <\/a>\n<h2>Les pathologies les plus fr\u00e9quentes chez les s\u00e9niors<\/h2>\n<p>En vieillissant , la colonne vert\u00e9brale se d\u00e9grade et nous ressentons une pression d\u00e9mesur\u00e9e sur nos articulations et nos groupes musculaires. Le d\u00e9clin de la forme et de nos articulations est un ph\u00e9nom\u00e8ne naturel .l\u2019ost\u00e9opathe va analyser la forme du corps , ainsi que la souplesse des groupes musculaires, ligaments et tendons . Les th\u00e9rapeutes emploient leurs mains pour diagnostiquer les causes des malaises et maladies qui affectent les seniors tel que:<\/p> <ul> <li>les troubles du sommeil<\/li> <li>le mal de dos<\/li> <li>les difficult\u00e9s \u00e0 se d\u00e9placer<\/li> <li>l'arthrose<\/li> <li>les migraines, vertiges<\/li> <\/ul> <p>Il n\u2019est pas envisageable d\u2019inverser les effets de l\u2019\u00e2ge , mais l'accompagnement par un\u00a0 ost\u00e9opathe permet d\u2019att\u00e9nuer les douleurs et probl\u00e8mes courants des seniors et \u00e0 aider \u00e0 pr\u00e9venir leur r\u00e9apparition . Il ne faut pas oublier que tous les probl\u00e8mes ne peuvent pas \u00eatre trait\u00e9s avec l\u2019ost\u00e9opathie. Soulager l\u2019arthrite chez les personnes est possible. Il est important de se faire traiter par un <a href=\"https:\/\/www.osteo-lyon-8.fr\/\">ost\u00e9opathe comp\u00e9tent<\/a> dans le domaine.<\/p>\n<h2>Les bienfaits d'un osteopathe seniors lyon<\/h2>\n<p>La mobilit\u00e9 du corps \u00e9tant souvent r\u00e9duite chez la personne \u00e2g\u00e9e, l'ost\u00e9opathe am\u00e9liorera au cours de la s\u00e9ance<\/p> <ul> <li>la souplesse<\/li> <li>\u00a0la mobilit\u00e9 des articulations<\/li> <li>soulagement de l'arthrite<\/li> <\/ul> <p>L\u2019ost\u00e9opathe peut \u00e9galement donner des conseils sur les bonnes postures \u00e0 adopter, et sur les exercices \u00e0 pratiquer pour acc\u00e9l\u00e9rer la gu\u00e9rison, promouvoir la sant\u00e9 au grand \u00e2ge et pr\u00e9venir un retour des sympt\u00f4mes.<br \/>Concernant l'arthrite, l\u2019ost\u00e9opathie ne peut pas l'\u00e9radiquer mais peut n\u00e9anmoins soulager la douleur, r\u00e9duire la raideur et am\u00e9liorer la mobilit\u00e9 des articulations aux phases les moins avanc\u00e9es de la maladie chez les personnes \u00e2g\u00e9es<\/p> <p>L\u2019ost\u00e9opathie est une m\u00e9thode <strong>th\u00e9rapeutique manuelle <\/strong>op\u00e8re au niveau de la structure et de la fonction du corps, sans rajouter de m\u00e9dicaments ou autres produits chimiques au traitement du patient.<\/p>\n<img decoding=\"async\" loading=\"lazy\" width=\"533\" height=\"300\" src=\"https:\/\/www.osteo-lyon-8.fr\/wp-content\/uploads\/2020\/09\/osteopathe-seniors-lyon.jpg\" title=\"osteopathe-seniors-lyon\" alt=\"ost\u00e9opathe seniors lyon\" srcset=\"https:\/\/www.osteo-lyon-8.fr\/wp-content\/uploads\/2020\/09\/osteopathe-seniors-lyon.jpg 533w, https:\/\/www.osteo-lyon-8.fr\/wp-content\/uploads\/2020\/09\/osteopathe-seniors-lyon-300x169.jpg 300w\" sizes=\"(max-width: 533px) 100vw, 533px\" \/>\n<p><a href=\"https:\/\/osteopathes.nosavis.com\/\">osteopathe nos avis<\/a><\/p>\n<p>Comment me contacter?<\/p> <p>\u00a0<\/p>\n<a href=\"https:\/\/www.doctolib.fr\/osteopathe\/lyon\/ilias-charitidis\" target=\"_blank\" rel=\"noopener\">\n Prendre Rdv\n <\/a>\n<h3>\n Localisation <\/h3>\n \n <p>23B Rue Maryse Basti\u00e9, 69008 Lyon<\/p>\n<h3>\n Num\u00e9ro de t\u00e9l\u00e9phone <\/h3>\n \n <p>06 43 04 88 44<\/p>\n<h3>\n Email <\/h3>\n \n <p>ilias.charitidis@gmail.com<\/p>","_links":{"self":[{"href":"https:\/\/www.osteo-lyon-8.fr\/index.php?rest_route=\/wp\/v2\/pages\/159"}],"collection":[{"href":"https:\/\/www.osteo-lyon-8.fr\/index.php?rest_route=\/wp\/v2\/pages"}],"about":[{"href":"https:\/\/www.osteo-lyon-8.fr\/index.php?rest_route=\/wp\/v2\/types\/page"}],"author":[{"embeddable":true,"href":"https:\/\/www.osteo-lyon-8.fr\/index.php?rest_route=\/wp\/v2\/users\/1"}],"replies":[{"embeddable":true,"href":"https:\/\/www.osteo-lyon-8.fr\/index.php?rest_route=%2Fwp%2Fv2%2Fcomments&post=159"}],"version-history":[{"count":40,"href":"https:\/\/www.osteo-lyon-8.fr\/index.php?rest_route=\/wp\/v2\/pages\/159\/revisions"}],"predecessor-version":[{"id":799,"href":"https:\/\/www.osteo-lyon-8.fr\/index.php?rest_route=\/wp\/v2\/pages\/159\/revisions\/799"}],"wp:attachment":[{"href":"https:\/\/www.osteo-lyon-8.fr\/index.php?rest_route=%2Fwp%2Fv2%2Fmedia&parent=159"}],"curies":[{"name":"wp","href":"https:\/\/api.w.org\/{rel}","templated":true}]}}